{"id":383,"date":"2017-11-20T22:24:00","date_gmt":"2017-11-20T21:24:00","guid":{"rendered":"http:\/\/www.bradlo.cz\/?page_id=383"},"modified":"2023-08-28T16:36:37","modified_gmt":"2023-08-28T14:36:37","slug":"tesla-pardubice","status":"publish","type":"page","link":"https:\/\/www.bradlo.cz\/?page_id=383","title":{"rendered":"Tesla Pardubice"},"content":{"rendered":"<p style=\"text-align: justify;\"><strong>Tesla Pardubice<\/strong> byla zalo\u017eena v roce 1919 jako Akciov\u00e1 spole\u010dnost Telegrafia. Od po\u010d\u00e1tku vlastnil st\u00e1t 60\u00a0% akci\u00ed a zbyl\u00fdch 40\u00a0% zam\u011bstnanci. Dne 12. 2. 1922 byly zakoupeny v Pardubic\u00edch rozestaven\u00e9 objekty firmy ZEISL.<\/p>\n<p style=\"text-align: justify;\">Vojensk\u00e1 v\u00fdroba a n\u011bmeck\u00e9 veden\u00ed p\u0159ineslo do firmy na za\u010d\u00e1tku druh\u00e9 sv\u011btov\u00e9 v\u00e1lky zcela nov\u00e9 technologie, jako byly nap\u0159\u00edklad opracov\u00e1n\u00ed odlitku hlin\u00edku a ho\u0159\u010d\u00edku (Mg+Al).<\/p>\n<p style=\"text-align: justify;\">Telegrafia Pardubice, a. s. byla 31. 12. 1945 zn\u00e1rodn\u011bna, zanikla a podnik byl za\u010dlen\u011bn do nov\u00e9ho celost\u00e1tn\u00edho n\u00e1rodn\u00edho podniku TESLA. V\u00a0roce 1946 se stala samostatn\u00fdm podnikem TESLA<strong>\u00a0<\/strong>Pardubice n. p.. Sou\u010d\u00e1st\u00ed podniku byl od roku 1950 i \u00dastav pro v\u00fdzkum radiotechniky Opo\u010d\u00ednek. Samotn\u00e1 Tesla s\u00eddlila ve dvou budov\u00e1ch \u2013 ve star\u00e9 budov\u011b p\u016fvodn\u00ed Telegrafie naproti Nemocnice Pardubice vedle \u017eelezni\u010dn\u00ed trat\u011b Praha &#8211; \u010cesk\u00e1 T\u0159ebov\u00e1\u00a0a v nov\u00e9 v\u00edcepodla\u017en\u00ed budov\u011b z\u00a0konce 60. let, hned vedle Z\u00e1me\u010dku Pardubice, kter\u00fd je na rozd\u00edl od samotn\u00e9ho pam\u00e1tn\u00edku popraven\u00fdch na Z\u00e1me\u010dku sou\u010d\u00e1st\u00ed are\u00e1lu p\u016fvodn\u00ed Tesly. V letech 1990\u20131993 byl podnik rozkraden a administrativn\u00ed budova byla n\u00e1sledn\u011b prod\u00e1na spole\u010dnosti Foxconn. Star\u00e1 budova Telegrafie je v dne\u0161n\u00ed dob\u011b v dezol\u00e1tn\u00edm stavu a spole\u010dnost Foxconn ji p\u0159evedla na m\u011bsto a vedou se debaty o jej\u00edm dal\u0161\u00edm vyu\u017eit\u00ed.<\/p>\n<p style=\"text-align: justify;\">Tesla vyr\u00e1b\u011bla radiomagnetofony Diamant, Saf\u00edr a Kondor. Mezi posledn\u00edmi komer\u010dn\u00edmi produkty se objevily na konci 80. let satelit receivery (Popular) a radar Tamara.<\/p>\n<p style=\"text-align: justify;\">Z\u00e1pisy v\u00a0Pam\u011btn\u00ed knize:<\/p>\n<ul>\n<li style=\"text-align: justify;\">Roky 1964 \u2013 1965: Pion\u00fdrsk\u00fd t\u00e1bor Tesla byl postaven na pozemc\u00edch u Vr\u0161ova, kde d\u0159\u00edve byly louky zem\u011bd\u011blc\u016f z\u00a0Vr\u0161ova a Bradla. Je to t\u00e1bor pro d\u011bti zam\u011bstnanc\u016f Tesly Pardubice. Je tam p\u011bkn\u00e9 koupali\u0161t\u011b pro mal\u00e9 i velk\u00e9 d\u011bti. T\u00e1bor je v\u00a0p\u011bkn\u00e9m m\u00edst\u011b mezi lesy a bl\u00edzko \u0159eky.<\/li>\n<li style=\"text-align: justify;\">Pion\u00fdrsk\u00fd t\u00e1bor Tesla byl dostav\u011bn r. 1967, jest u Vr\u0161ova, kde je postaveno p\u011bkn\u00e9 koupali\u0161t\u011b.<\/li>\n<\/ul>\n<p><span style=\"color: #000000;\">Pohlednice a fotografie:<br \/><\/span><\/p>\n<p><a href=\"https:\/\/www.bradlo.cz\/wp-content\/uploads\/2017\/11\/Tesla-1.jpg\"><img loading=\"lazy\" decoding=\"async\" class=\"alignnone size-full wp-image-402\" src=\"https:\/\/www.bradlo.cz\/wp-content\/uploads\/2017\/11\/Tesla-1.jpg\" alt=\"tesla-1\" width=\"2720\" height=\"1231\" srcset=\"https:\/\/www.bradlo.cz\/wp-content\/uploads\/2017\/11\/Tesla-1.jpg 2720w, https:\/\/www.bradlo.cz\/wp-content\/uploads\/2017\/11\/Tesla-1-300x136.jpg 300w, https:\/\/www.bradlo.cz\/wp-content\/uploads\/2017\/11\/Tesla-1-2048x927.jpg 2048w\" sizes=\"auto, (max-width: 2720px) 100vw, 2720px\" \/><\/a><\/p>\n<p><a href=\"https:\/\/www.bradlo.cz\/wp-content\/uploads\/2017\/11\/Tesla-2.jpg\"><img loading=\"lazy\" decoding=\"async\" class=\"alignnone size-full wp-image-403\" src=\"https:\/\/www.bradlo.cz\/wp-content\/uploads\/2017\/11\/Tesla-2.jpg\" alt=\"tesla-2\" width=\"2704\" height=\"1231\" srcset=\"https:\/\/www.bradlo.cz\/wp-content\/uploads\/2017\/11\/Tesla-2.jpg 2704w, https:\/\/www.bradlo.cz\/wp-content\/uploads\/2017\/11\/Tesla-2-300x137.jpg 300w, https:\/\/www.bradlo.cz\/wp-content\/uploads\/2017\/11\/Tesla-2-2048x932.jpg 2048w\" sizes=\"auto, (max-width: 2704px) 100vw, 2704px\" \/><\/a><\/p>\n<p><a href=\"https:\/\/www.bradlo.cz\/wp-content\/uploads\/2017\/11\/Tesla-3.jpg\"><img loading=\"lazy\" decoding=\"async\" class=\"alignnone size-full wp-image-404\" src=\"https:\/\/www.bradlo.cz\/wp-content\/uploads\/2017\/11\/Tesla-3.jpg\" alt=\"tesla-3\" width=\"2735\" height=\"1231\" srcset=\"https:\/\/www.bradlo.cz\/wp-content\/uploads\/2017\/11\/Tesla-3.jpg 2735w, https:\/\/www.bradlo.cz\/wp-content\/uploads\/2017\/11\/Tesla-3-300x135.jpg 300w, https:\/\/www.bradlo.cz\/wp-content\/uploads\/2017\/11\/Tesla-3-2048x922.jpg 2048w\" sizes=\"auto, (max-width: 2735px) 100vw, 2735px\" \/><\/a><\/p>\n<figure id=\"attachment_871\" aria-describedby=\"caption-attachment-871\" style=\"width: 1762px\" class=\"wp-caption alignnone\"><a href=\"https:\/\/www.bradlo.cz\/wp-content\/uploads\/2019\/03\/Tesla-9.jpg\"><img loading=\"lazy\" decoding=\"async\" class=\"wp-image-871 size-full\" src=\"https:\/\/www.bradlo.cz\/wp-content\/uploads\/2019\/03\/Tesla-9.jpg\" alt=\"tesla-9\" width=\"1762\" height=\"1216\" srcset=\"https:\/\/www.bradlo.cz\/wp-content\/uploads\/2019\/03\/Tesla-9.jpg 1762w, https:\/\/www.bradlo.cz\/wp-content\/uploads\/2019\/03\/Tesla-9-300x207.jpg 300w\" sizes=\"auto, (max-width: 1762px) 100vw, 1762px\" \/><\/a><figcaption id=\"caption-attachment-871\" class=\"wp-caption-text\"><span style=\"color: #000000;\">Horn\u00ed Bradlo. Pion\u00fdrsk\u00fd t\u00e1bor ZV ROH n.p. Tesla Pardubice. Foto L. Kratochv\u00edl.\u00a0\u00a0\u00a0\u00a0\u00a0\u00a0\u00a0\u00a0\u00a0\u00a0\u00a0\u00a0\u00a0\u00a0\u00a0\u00a0\u00a0\u00a0\u00a0\u00a0\u00a0\u00a0\u00a0\u00a0\u00a0\u00a0 \u00a0 Pou\u017eit\u00e1 pohlednice 7. 7. 1971.<\/span><\/figcaption><\/figure>\n<p>\u00a0<\/p>\n<figure id=\"attachment_873\" aria-describedby=\"caption-attachment-873\" style=\"width: 1762px\" class=\"wp-caption alignnone\"><a href=\"https:\/\/www.bradlo.cz\/wp-content\/uploads\/2019\/03\/Tesla-10.jpg\"><img loading=\"lazy\" decoding=\"async\" class=\"wp-image-873 size-full\" src=\"https:\/\/www.bradlo.cz\/wp-content\/uploads\/2019\/03\/Tesla-10.jpg\" alt=\"tesla-10\" width=\"1762\" height=\"1216\" srcset=\"https:\/\/www.bradlo.cz\/wp-content\/uploads\/2019\/03\/Tesla-10.jpg 1762w, https:\/\/www.bradlo.cz\/wp-content\/uploads\/2019\/03\/Tesla-10-300x207.jpg 300w\" sizes=\"auto, (max-width: 1762px) 100vw, 1762px\" \/><\/a><figcaption id=\"caption-attachment-873\" class=\"wp-caption-text\"><span style=\"color: #000000;\">Horn\u00ed Bradlo. Pion\u00fdrsk\u00fd t\u00e1bor ZV ROH n.p. Tesla Pardubice. Foto L. Kratochv\u00edl.\u00a0\u00a0\u00a0\u00a0\u00a0\u00a0\u00a0\u00a0\u00a0\u00a0\u00a0\u00a0\u00a0\u00a0\u00a0\u00a0\u00a0\u00a0\u00a0\u00a0\u00a0\u00a0\u00a0\u00a0\u00a0\u00a0\u00a0\u00a0 Pou\u017eit\u00e1 pohlednice 7. 7. 1971.<\/span><\/figcaption><\/figure>\n<p><a href=\"https:\/\/www.bradlo.cz\/wp-content\/uploads\/2017\/11\/Tesla-4.jpg\"><img loading=\"lazy\" decoding=\"async\" class=\"alignnone size-full wp-image-405\" src=\"https:\/\/www.bradlo.cz\/wp-content\/uploads\/2017\/11\/Tesla-4.jpg\" alt=\"tesla-4\" width=\"2704\" height=\"1216\" srcset=\"https:\/\/www.bradlo.cz\/wp-content\/uploads\/2017\/11\/Tesla-4.jpg 2704w, https:\/\/www.bradlo.cz\/wp-content\/uploads\/2017\/11\/Tesla-4-300x135.jpg 300w, https:\/\/www.bradlo.cz\/wp-content\/uploads\/2017\/11\/Tesla-4-2048x921.jpg 2048w\" sizes=\"auto, (max-width: 2704px) 100vw, 2704px\" \/><\/a><\/p>\n<p><a href=\"https:\/\/www.bradlo.cz\/wp-content\/uploads\/2017\/11\/Tesla-5.jpg\"><img loading=\"lazy\" decoding=\"async\" class=\"alignnone size-full wp-image-406\" src=\"https:\/\/www.bradlo.cz\/wp-content\/uploads\/2017\/11\/Tesla-5.jpg\" alt=\"tesla-5\" width=\"2735\" height=\"1216\" srcset=\"https:\/\/www.bradlo.cz\/wp-content\/uploads\/2017\/11\/Tesla-5.jpg 2735w, https:\/\/www.bradlo.cz\/wp-content\/uploads\/2017\/11\/Tesla-5-300x133.jpg 300w, https:\/\/www.bradlo.cz\/wp-content\/uploads\/2017\/11\/Tesla-5-2048x911.jpg 2048w\" sizes=\"auto, (max-width: 2735px) 100vw, 2735px\" \/><\/a><\/p>\n<p><a href=\"https:\/\/www.bradlo.cz\/wp-content\/uploads\/2017\/11\/Tesla-6.jpg\"><img loading=\"lazy\" decoding=\"async\" class=\"alignnone size-full wp-image-407\" src=\"https:\/\/www.bradlo.cz\/wp-content\/uploads\/2017\/11\/Tesla-6.jpg\" alt=\"tesla-6\" width=\"2720\" height=\"1261\" srcset=\"https:\/\/www.bradlo.cz\/wp-content\/uploads\/2017\/11\/Tesla-6.jpg 2720w, https:\/\/www.bradlo.cz\/wp-content\/uploads\/2017\/11\/Tesla-6-300x139.jpg 300w, https:\/\/www.bradlo.cz\/wp-content\/uploads\/2017\/11\/Tesla-6-2048x949.jpg 2048w\" sizes=\"auto, (max-width: 2720px) 100vw, 2720px\" \/><\/a><a href=\"https:\/\/www.bradlo.cz\/wp-content\/uploads\/2017\/11\/Tesla-7.jpg\"><img loading=\"lazy\" decoding=\"async\" class=\" size-full wp-image-408 aligncenter\" src=\"https:\/\/www.bradlo.cz\/wp-content\/uploads\/2017\/11\/Tesla-7.jpg\" alt=\"tesla-7\" width=\"2720\" height=\"1261\" srcset=\"https:\/\/www.bradlo.cz\/wp-content\/uploads\/2017\/11\/Tesla-7.jpg 2720w, https:\/\/www.bradlo.cz\/wp-content\/uploads\/2017\/11\/Tesla-7-300x139.jpg 300w, https:\/\/www.bradlo.cz\/wp-content\/uploads\/2017\/11\/Tesla-7-2048x949.jpg 2048w\" sizes=\"auto, (max-width: 2720px) 100vw, 2720px\" \/><\/a><\/p>\n<figure id=\"attachment_740\" aria-describedby=\"caption-attachment-740\" style=\"width: 1024px\" class=\"wp-caption alignnone\"><a href=\"https:\/\/www.bradlo.cz\/wp-content\/uploads\/2018\/03\/IMG_3069-\u2013-kopie.jpg\"><img loading=\"lazy\" decoding=\"async\" class=\"wp-image-740 size-full\" src=\"https:\/\/www.bradlo.cz\/wp-content\/uploads\/2018\/03\/IMG_3069-\u2013-kopie.jpg\" alt=\"img_3069-kopie\" width=\"1024\" height=\"765\" srcset=\"https:\/\/www.bradlo.cz\/wp-content\/uploads\/2018\/03\/IMG_3069-\u2013-kopie.jpg 1024w, https:\/\/www.bradlo.cz\/wp-content\/uploads\/2018\/03\/IMG_3069-\u2013-kopie-300x224.jpg 300w\" sizes=\"auto, (max-width: 1024px) 100vw, 1024px\" \/><\/a><figcaption id=\"caption-attachment-740\" class=\"wp-caption-text\"><span style=\"color: #000000;\"><strong>24. 3. 2018<\/strong><\/span><\/figcaption><\/figure>\n<figure id=\"attachment_741\" aria-describedby=\"caption-attachment-741\" style=\"width: 1024px\" class=\"wp-caption alignnone\"><a href=\"https:\/\/www.bradlo.cz\/wp-content\/uploads\/2018\/03\/IMG_3071-\u2013-kopie.jpg\"><img loading=\"lazy\" decoding=\"async\" class=\"wp-image-741 size-full\" src=\"https:\/\/www.bradlo.cz\/wp-content\/uploads\/2018\/03\/IMG_3071-\u2013-kopie.jpg\" alt=\"img_3071-kopie\" width=\"1024\" height=\"765\" srcset=\"https:\/\/www.bradlo.cz\/wp-content\/uploads\/2018\/03\/IMG_3071-\u2013-kopie.jpg 1024w, https:\/\/www.bradlo.cz\/wp-content\/uploads\/2018\/03\/IMG_3071-\u2013-kopie-300x224.jpg 300w\" sizes=\"auto, (max-width: 1024px) 100vw, 1024px\" \/><\/a><figcaption id=\"caption-attachment-741\" class=\"wp-caption-text\"><span style=\"color: #000000;\"><strong>24. 3. 2018<\/strong><\/span><\/figcaption><\/figure>\n<figure id=\"attachment_742\" aria-describedby=\"caption-attachment-742\" style=\"width: 1024px\" class=\"wp-caption alignnone\"><a href=\"https:\/\/www.bradlo.cz\/wp-content\/uploads\/2018\/03\/IMG_3072-\u2013-kopie.jpg\"><img loading=\"lazy\" decoding=\"async\" class=\"wp-image-742 size-full\" src=\"https:\/\/www.bradlo.cz\/wp-content\/uploads\/2018\/03\/IMG_3072-\u2013-kopie.jpg\" alt=\"img_3072-kopie\" width=\"1024\" height=\"765\" srcset=\"https:\/\/www.bradlo.cz\/wp-content\/uploads\/2018\/03\/IMG_3072-\u2013-kopie.jpg 1024w, https:\/\/www.bradlo.cz\/wp-content\/uploads\/2018\/03\/IMG_3072-\u2013-kopie-300x224.jpg 300w\" sizes=\"auto, (max-width: 1024px) 100vw, 1024px\" \/><\/a><figcaption id=\"caption-attachment-742\" class=\"wp-caption-text\"><span style=\"color: #000000;\"><strong>24. 3. 2018<\/strong><\/span><\/figcaption><\/figure>\n<figure id=\"attachment_743\" aria-describedby=\"caption-attachment-743\" style=\"width: 1024px\" class=\"wp-caption alignnone\"><a href=\"https:\/\/www.bradlo.cz\/wp-content\/uploads\/2018\/03\/IMG_3075-\u2013-kopie.jpg\"><img loading=\"lazy\" decoding=\"async\" class=\"wp-image-743 size-full\" src=\"https:\/\/www.bradlo.cz\/wp-content\/uploads\/2018\/03\/IMG_3075-\u2013-kopie.jpg\" alt=\"img_3075-kopie\" width=\"1024\" height=\"765\" srcset=\"https:\/\/www.bradlo.cz\/wp-content\/uploads\/2018\/03\/IMG_3075-\u2013-kopie.jpg 1024w, https:\/\/www.bradlo.cz\/wp-content\/uploads\/2018\/03\/IMG_3075-\u2013-kopie-300x224.jpg 300w\" sizes=\"auto, (max-width: 1024px) 100vw, 1024px\" \/><\/a><figcaption id=\"caption-attachment-743\" class=\"wp-caption-text\"><span style=\"color: #000000;\"><strong>24. 3. 2018<\/strong><\/span><\/figcaption><\/figure>\n<figure id=\"attachment_744\" aria-describedby=\"caption-attachment-744\" style=\"width: 1024px\" class=\"wp-caption alignnone\"><a href=\"https:\/\/www.bradlo.cz\/wp-content\/uploads\/2018\/03\/IMG_3076-\u2013-kopie.jpg\"><img loading=\"lazy\" decoding=\"async\" class=\"wp-image-744 size-full\" src=\"https:\/\/www.bradlo.cz\/wp-content\/uploads\/2018\/03\/IMG_3076-\u2013-kopie.jpg\" alt=\"img_3076-kopie\" width=\"1024\" height=\"765\" srcset=\"https:\/\/www.bradlo.cz\/wp-content\/uploads\/2018\/03\/IMG_3076-\u2013-kopie.jpg 1024w, https:\/\/www.bradlo.cz\/wp-content\/uploads\/2018\/03\/IMG_3076-\u2013-kopie-300x224.jpg 300w\" sizes=\"auto, (max-width: 1024px) 100vw, 1024px\" \/><\/a><figcaption id=\"caption-attachment-744\" class=\"wp-caption-text\"><span style=\"color: #000000;\"><strong>24. 3. 2018 &#8211; p\u0159\u00edprava na sezonu 2018.<\/strong><\/span><\/figcaption><\/figure>\n\n\n<p><\/p>\n\n\n\n<figure class=\"wp-block-image size-full\"><img loading=\"lazy\" decoding=\"async\" width=\"822\" height=\"771\" src=\"https:\/\/www.bradlo.cz\/wp-content\/uploads\/2023\/08\/Scan_20230826_082100_013.jpg\" alt=\"\" class=\"wp-image-1454\" srcset=\"https:\/\/www.bradlo.cz\/wp-content\/uploads\/2023\/08\/Scan_20230826_082100_013.jpg 822w, https:\/\/www.bradlo.cz\/wp-content\/uploads\/2023\/08\/Scan_20230826_082100_013-300x281.jpg 300w, https:\/\/www.bradlo.cz\/wp-content\/uploads\/2023\/08\/Scan_20230826_082100_013-768x720.jpg 768w\" sizes=\"auto, (max-width: 822px) 100vw, 822px\" \/><\/figure>\n\n\n\n<p class=\"has-text-align-center\">P\u0159\u00edv\u011b\u0161ek &#8211; pion\u00fdrsk\u00fd t\u00e1bor ROH Tesla Pardubice.<\/p>\n\n\n\n<figure class=\"wp-block-image size-full\"><img loading=\"lazy\" decoding=\"async\" width=\"1791\" height=\"1284\" src=\"https:\/\/www.bradlo.cz\/wp-content\/uploads\/2023\/08\/Scan_20230826_072204_001-1.jpg\" alt=\"\" class=\"wp-image-1444\" srcset=\"https:\/\/www.bradlo.cz\/wp-content\/uploads\/2023\/08\/Scan_20230826_072204_001-1.jpg 1791w, https:\/\/www.bradlo.cz\/wp-content\/uploads\/2023\/08\/Scan_20230826_072204_001-1-300x215.jpg 300w, https:\/\/www.bradlo.cz\/wp-content\/uploads\/2023\/08\/Scan_20230826_072204_001-1-768x551.jpg 768w, https:\/\/www.bradlo.cz\/wp-content\/uploads\/2023\/08\/Scan_20230826_072204_001-1-1536x1101.jpg 1536w\" sizes=\"auto, (max-width: 1791px) 100vw, 1791px\" \/><\/figure>\n\n\n\n<p>Leteck\u00fd sn\u00edmek &#8211; baz\u00e9n, antukov\u00e1 h\u0159i\u0161t\u011b, sruby, koupali\u0161t\u011b, venkovn\u00ed posezen\u00ed. V sez\u00f3n\u011b \u010dervenec a\u017e srpen 2023 koupali\u0161t\u011b napou\u0161t\u011bno hadicemi vodou ze \u0159eky Chrudimky.  Voda \u0161pinav\u00e1, pln\u00e1 \u0159as, zap\u00e1chaj\u00edc\u00ed. Pravd\u011bpodobn\u00fdm d\u016fvodem je \u0161et\u0159en\u00ed. U\u017e to nen\u00ed voda pramenit\u00e1, \u010dist\u00e1 a p\u0159\u00edrodn\u011b oh\u0159\u00edvan\u00e1.<\/p>\n\n\n\n<figure class=\"wp-block-image size-full\"><img loading=\"lazy\" decoding=\"async\" width=\"1776\" height=\"1278\" src=\"https:\/\/www.bradlo.cz\/wp-content\/uploads\/2023\/08\/Scan_20230826_072204_002.jpg\" alt=\"\" class=\"wp-image-1445\" srcset=\"https:\/\/www.bradlo.cz\/wp-content\/uploads\/2023\/08\/Scan_20230826_072204_002.jpg 1776w, https:\/\/www.bradlo.cz\/wp-content\/uploads\/2023\/08\/Scan_20230826_072204_002-300x216.jpg 300w, https:\/\/www.bradlo.cz\/wp-content\/uploads\/2023\/08\/Scan_20230826_072204_002-768x553.jpg 768w, https:\/\/www.bradlo.cz\/wp-content\/uploads\/2023\/08\/Scan_20230826_072204_002-1536x1105.jpg 1536w\" sizes=\"auto, (max-width: 1776px) 100vw, 1776px\" \/><\/figure>\n\n\n\n<p>Rekrea\u010dn\u00ed st\u0159edisko &#8222;Tesla Vr\u0161ov&#8220; &#8211; Horn\u00ed Bradlo<\/p>\n","protected":false},"excerpt":{"rendered":"<p>Tesla Pardubice byla zalo\u017eena v roce 1919 jako Akciov\u00e1 spole\u010dnost Telegrafia. Od po\u010d\u00e1tku vlastnil st\u00e1t 60\u00a0% akci\u00ed a zbyl\u00fdch 40\u00a0% zam\u011bstnanci. Dne 12. 2. 1922 byly zakoupeny v Pardubic\u00edch rozestaven\u00e9 objekty firmy ZEISL. Vojensk\u00e1 v\u00fdroba a n\u011bmeck\u00e9 veden\u00ed p\u0159ineslo do firmy na za\u010d\u00e1tku druh\u00e9 sv\u011btov\u00e9 v\u00e1lky zcela nov\u00e9 technologie, jako byly nap\u0159\u00edklad opracov\u00e1n\u00ed odlitku hlin\u00edku &hellip; <a href=\"https:\/\/www.bradlo.cz\/?page_id=383\" class=\"more-link\">Pokra\u010dov\u00e1n\u00ed textu <span class=\"screen-reader-text\">Tesla Pardubice<\/span><\/a><\/p>\n","protected":false},"author":2,"featured_media":0,"parent":371,"menu_order":0,"comment_status":"closed","ping_status":"closed","template":"","meta":{"footnotes":""},"class_list":["post-383","page","type-page","status-publish","hentry"],"_links":{"self":[{"href":"https:\/\/www.bradlo.cz\/index.php?rest_route=\/wp\/v2\/pages\/383","targetHints":{"allow":["GET"]}}],"collection":[{"href":"https:\/\/www.bradlo.cz\/index.php?rest_route=\/wp\/v2\/pages"}],"about":[{"href":"https:\/\/www.bradlo.cz\/index.php?rest_route=\/wp\/v2\/types\/page"}],"author":[{"embeddable":true,"href":"https:\/\/www.bradlo.cz\/index.php?rest_route=\/wp\/v2\/users\/2"}],"replies":[{"embeddable":true,"href":"https:\/\/www.bradlo.cz\/index.php?rest_route=%2Fwp%2Fv2%2Fcomments&post=383"}],"version-history":[{"count":14,"href":"https:\/\/www.bradlo.cz\/index.php?rest_route=\/wp\/v2\/pages\/383\/revisions"}],"predecessor-version":[{"id":1455,"href":"https:\/\/www.bradlo.cz\/index.php?rest_route=\/wp\/v2\/pages\/383\/revisions\/1455"}],"up":[{"embeddable":true,"href":"https:\/\/www.bradlo.cz\/index.php?rest_route=\/wp\/v2\/pages\/371"}],"wp:attachment":[{"href":"https:\/\/www.bradlo.cz\/index.php?rest_route=%2Fwp%2Fv2%2Fmedia&parent=383"}],"curies":[{"name":"wp","href":"https:\/\/api.w.org\/{rel}","templated":true}]}}