{"id":1637,"date":"2025-03-12T10:29:52","date_gmt":"2025-03-12T09:29:52","guid":{"rendered":"https:\/\/www.bradlo.cz\/?page_id=1637"},"modified":"2025-03-12T10:29:53","modified_gmt":"2025-03-12T09:29:53","slug":"o-letadelku-kaneti","status":"publish","type":"page","link":"https:\/\/www.bradlo.cz\/?page_id=1637","title":{"rendered":"O letad\u00e9lku K\u00e1n\u011bti"},"content":{"rendered":"\n<p>Kdy\u017e jsem byl mal\u00fd kluk, tak o nat\u00e1\u010den\u00ed filmu O letad\u00e9lku K\u00e1n\u011bti v&nbsp;Bradle se mi zm\u00ednil tat\u00ednek (*1925). Po celou dobu, co jsem ve vesni\u010dce \u017eil, jsem od soused\u016f o nat\u00e1\u010den\u00ed &nbsp;v\u0161ak nesly\u0161el. A\u017e nyn\u00ed&nbsp; 9. 3. 2025 pan Bohuslav Partyk, u\u010ditel na SP\u0160 na Proseku v&nbsp;Praze a syn Prof. Bohuslava Partyka, DrSc., o kter\u00e9m p\u00ed\u0161i v&nbsp;osobnostech Bradla a okoln\u00edch vesnic, se mi ozval a k&nbsp;nat\u00e1\u010den\u00ed filmu napsal.<\/p>\n\n\n\n<p>Uv\u00e1d\u00edm vzpom\u00ednky pana Bohuslava Partyka v&nbsp;pln\u00e9m zn\u011bn\u00ed:<\/p>\n\n\n\n<p><strong>\u201e<\/strong>Koncem pades\u00e1t\u00fdch let se v&nbsp;oblasti kolem Bradla nat\u00e1\u010del d\u011btsk\u00fd film.&nbsp; Jednalo se o d\u00edlo podle p\u0159edlohy Bohumila \u0158\u00edhy \u201eO letad\u00e9lku K\u00e1n\u011bti\u201c. Kniha i film, kter\u00fd podle n\u00ed vznikl, vypr\u00e1v\u011bj\u00ed o d\u011btsk\u00e9 part\u011b, kter\u00e1 tr\u00e1v\u00ed pr\u00e1zdniny v&nbsp;bl\u00edzkosti sportovn\u00edho leti\u0161t\u011b. Vybr\u00e1no bylo travnat\u00e9 leti\u0161t\u011b u Chot\u011bbo\u0159e, ale mnoho sc\u00e9n bylo z&nbsp;okol\u00ed Bradla. Hlavn\u00ed roli, samoz\u0159ejm\u011b krom\u011b d\u011bt\u00ed, sehr\u00e1l prvn\u00ed prototyp \u010deskoslovensk\u00e9ho vrtuln\u00edku HC-2, kter\u00fd je dnes k&nbsp;vid\u011bn\u00ed v&nbsp;leteck\u00e9m muzeu v&nbsp;Praze-Kbel\u00edch.<\/p>\n\n\n\n<p>&nbsp;Ale zp\u011bt do Bradla. Ve sc\u00e9n\u00e1\u0159i je jeden z\u00e1b\u011br, kdy d\u011bti s&nbsp;vrtuln\u00edkem let\u00ed nad \u0159ekou, ve kter\u00e9 se koupou m\u00edstn\u00ed d\u011bti. Pr\u00e1v\u011b tato sc\u00e9na se m\u011bla to\u010dit na Chrudimce v&nbsp;Bradle. Podle m\u00e9ho otce se p\u016fvodn\u011b uva\u017eovalo o splavu u doln\u00ed pily, ale pak filma\u0159i usoudili, \u017ee je tam p\u0159\u00edli\u0161 mnoho strom\u016f a padlo rozhodnut\u00ed o z\u0159\u00edzen\u00ed do\u010dasn\u00e9 d\u0159ev\u011bn\u00e9 hr\u00e1ze kousek d\u00e1l po toku \u0159eky. Byla zbudovan\u00e1 kousek pod mostem k&nbsp;t\u00e1boru Transporty Chrudim v&nbsp;m\u00edst\u011b, kde byl v\u011bt\u0161\u00ed rozhled. Jednoho slune\u010dn\u00e9ho dne byly d\u011bti z&nbsp;Bradla a okol\u00ed i s&nbsp;rodi\u010di pozv\u00e1ny na nat\u00e1\u010den\u00ed. Pravd\u011bpodobn\u011b tam byli i rekreanti z&nbsp;t\u00e1bora nebo zotavovny.&nbsp; Na\u0161\u00ed \u00falohou bylo koupat se v&nbsp;do\u010dasn\u00e9m koupali\u0161ti a kdy\u017e polet\u00ed letadlo, vyb\u011bhnout z&nbsp;vody a m\u00e1vat. To se tak\u00e9 \u00fasp\u011b\u0161n\u011b povedlo. Letadlo s&nbsp;vyklon\u011bn\u00fdm kameramanem n\u00e1m prol\u00e9tlo nad hlavami a bylo po v\u0161em. Nikdo se neutopil ani nezranil. Byly mi tenkr\u00e1t \u010dty\u0159i roky, tak to byl ohromn\u00fd z\u00e1\u017eitek. Pak u\u017e jen \u010dekat a\u017e p\u016fjde film do kin. Pracovn\u00ed n\u00e1zev byl Letad\u00fdlko K\u00e1n\u011b. Kdy bude dokon\u010den, jak se bude jmenovat a kdy p\u016fjde do distribuce, nikdo z&nbsp;m\u00e9ho okol\u00ed nev\u011bd\u011bl. Tak zb\u00fdvalo jen \u010dekat.<\/p>\n\n\n\n<p>Po hodn\u011b dlouh\u00e9m \u010dase se na plak\u00e1tech objevil film <strong>\u201ePr\u00e1zdniny v&nbsp;oblac\u00edch\u201c<\/strong> (premi\u00e9ra byla v&nbsp;kv\u011btnu 1960). Samoz\u0159ejm\u011b, nemohlo se st\u00e1t, \u017ee bychom do kina s&nbsp;rodi\u010di neza\u0161li. T\u011b\u0161il jsem se, \u017ee se uvid\u00edm ve filmu. Otec m\u00e9 o\u010dek\u00e1v\u00e1n\u00ed m\u00edrnil, bude to jen kr\u00e1tk\u00fd z\u00e1b\u011br na velkou skupinu. A jak to dopadlo? Film se mi samoz\u0159ejm\u011b moc l\u00edbil. Klu\u010di\u010d\u00ed lump\u00e1rny se mi celkem pozd\u00e1valy. Ale byl jsem na druh\u00e9 stran\u011b zklam\u00e1n, ona sc\u00e9na, na kter\u00e9 jsem se pod\u00edlel, ve filmu vypad\u00e1 \u00fapln\u011b jinak. (Kolem 54 minuty je sice jeden podobn\u00fd z\u00e1b\u011br, ale u\u017e tehdy p\u0159ed 65 lety se mi zd\u00e1lo, \u017ee je to jin\u00e9. Nav\u00edc je to pod stromy. Tak\u017ee p\u016fvodn\u00ed z\u00e1b\u011br asi pou\u017eit nebyl. Pro\u010d? To se u\u017e asi nedov\u00edme.) A tak jsem se ve filmu nevid\u011bl, ale p\u0159esto se mi l\u00edbil. Po p\u00e1r letech jsem ho vid\u011bl je\u0161t\u011b jednou, \u010dernob\u00edl\u00fd v&nbsp;televizi. A te\u010f, po 65 letech jsem ho na\u0161el na internetu.<\/p>\n\n\n\n<p>Te\u010f trochu odbo\u010d\u00edm. V&nbsp;Bradle v&nbsp;tom \u010dase \u017eila jedna sv\u00e9r\u00e1zn\u00e1 osoba. \u0158\u00edkejme j\u00ed teta P. Na jej\u00ed jm\u00e9no si sice vzpom\u00edn\u00e1m, babi\u010dka o n\u00ed \u010dasto vypr\u00e1v\u011bla. Ale nen\u00ed to asi podstatn\u00e9. Pamatuji na hubenou, jednodu\u0161e oble\u010denou star\u0161\u00ed pan\u00ed, jak snad denn\u011b chodila po silnici z&nbsp;Doln\u00edho Bradla p\u0159es Paseky, s&nbsp;ka\u017ed\u00fdm prohodila p\u00e1r slov a fungovala jako m\u00edstn\u00ed informa\u010dn\u00ed slu\u017eba. Co bylo na n\u00ed neobvykl\u00e9 \u2013 v\u017edy za sebou tahala d\u0159ev\u011bn\u00fd voz\u00edk p\u0159ipom\u00ednaj\u00edc\u00ed mal\u00fd \u017eeb\u0159i\u0148\u00e1k. A tak\u00e9 si v\u017edy vedla statnou kozu uv\u00e1zanou na provaze o voz\u00edk. Na ten teta nakl\u00e1dala tr\u00e1vu, kterou si cestou nasekala srpem. A koza se na mez\u00edch kolem nakrmila sama.<\/p>\n\n\n\n<p>V&nbsp;dob\u011b nat\u00e1\u010den\u00ed filmu nar\u00e1z za\u010dala teta P. chodit bez kozi\u010dky. V\u0161em lidem vykl\u00e1dala se slzami v&nbsp;o\u010d\u00edch, \u017ee kozu musela prodat. Byla star\u00e1 a dlouho by u\u017e nevydr\u017eela. Nav\u0161t\u00edvili ji p\u00e1nov\u00e9 od filmu a za kozu j\u00ed nab\u00eddli 300 K\u010ds. To bylo tehdy relativn\u011b dost pen\u011bz, tak svou milovanou kozu prodala. Jen byla moc ne\u0161\u0165astn\u00e1, \u017ee jej\u00ed koza ve filmu asi um\u0159e.<\/p>\n\n\n\n<p>Po del\u0161\u00edm \u010dase, kdy\u017e u\u017e byly z\u00e1b\u011bry do filmu hotov\u00e9, se teta P. op\u011bt hrd\u011b objevila s&nbsp;kozou. A cel\u00e1 \u0161\u0165astn\u00e1 b\u011bhem sv\u00fdch poch\u016fzek v\u0161em vykl\u00e1dala, \u017ee hodn\u00ed filma\u0159i kozi\u010dku u\u0161et\u0159ili a zdravou ji sv\u00e9 pan\u00ed vr\u00e1tili. A t\u011bch cel\u00fdch 300 korun j\u00ed nechali.<\/p>\n\n\n\n<p>&nbsp;A tak v&nbsp;jedn\u00e9 z&nbsp;rol\u00ed filmu Pr\u00e1zdniny v&nbsp;oblac\u00edch hr\u00e1la i koza z&nbsp;Bradla.<\/p>\n\n\n\n<p>Na t\u0159ech p\u0159ipojen\u00fdch sn\u00edmc\u00edch vid\u00edte onu koupac\u00ed sc\u00e9nu a tak\u00e9 kozu z&nbsp;Bradla, kter\u00e1 ve filmu sehr\u00e1la d\u016fle\u017eitou roli. T\u0159et\u00ed je dobov\u00fd plak\u00e1t k&nbsp;filmu.\u201c<\/p>\n\n\n\n<p>Bohuslav Partyk, 2025<\/p>\n\n\n\n<p><strong>Byl n\u011bkdo \u00fa\u010dasten nat\u00e1\u010den\u00ed tohoto filmu? Napi\u0161te mi vzpom\u00ednky na e-mail: oa.najman@seznam.cz<\/strong><\/p>\n\n\n\n<figure class=\"wp-block-image size-full\"><img loading=\"lazy\" decoding=\"async\" width=\"870\" height=\"608\" src=\"https:\/\/www.bradlo.cz\/wp-content\/uploads\/2025\/03\/image-6.jpeg\" alt=\"\" class=\"wp-image-1639\" srcset=\"https:\/\/www.bradlo.cz\/wp-content\/uploads\/2025\/03\/image-6.jpeg 870w, https:\/\/www.bradlo.cz\/wp-content\/uploads\/2025\/03\/image-6-300x210.jpeg 300w, https:\/\/www.bradlo.cz\/wp-content\/uploads\/2025\/03\/image-6-768x537.jpeg 768w\" sizes=\"auto, (max-width: 870px) 100vw, 870px\" \/><\/figure>\n\n\n\n<p class=\"has-text-align-center\">Koupac\u00ed sc\u00e9na.<\/p>\n\n\n<div class=\"wp-block-image\">\n<figure class=\"aligncenter size-full\"><img loading=\"lazy\" decoding=\"async\" width=\"724\" height=\"564\" src=\"https:\/\/www.bradlo.cz\/wp-content\/uploads\/2025\/03\/image-5.jpeg\" alt=\"\" class=\"wp-image-1638\" srcset=\"https:\/\/www.bradlo.cz\/wp-content\/uploads\/2025\/03\/image-5.jpeg 724w, https:\/\/www.bradlo.cz\/wp-content\/uploads\/2025\/03\/image-5-300x234.jpeg 300w\" sizes=\"auto, (max-width: 724px) 100vw, 724px\" \/><\/figure>\n<\/div>\n\n\n<p class=\"has-text-align-center\">\u00a0Koza z\u00a0Bradla.<\/p>\n\n\n<div class=\"wp-block-image\">\n<figure class=\"aligncenter size-full\"><img loading=\"lazy\" decoding=\"async\" width=\"507\" height=\"675\" src=\"https:\/\/www.bradlo.cz\/wp-content\/uploads\/2025\/03\/image-8.jpeg\" alt=\"\" class=\"wp-image-1641\" srcset=\"https:\/\/www.bradlo.cz\/wp-content\/uploads\/2025\/03\/image-8.jpeg 507w, https:\/\/www.bradlo.cz\/wp-content\/uploads\/2025\/03\/image-8-225x300.jpeg 225w\" sizes=\"auto, (max-width: 507px) 100vw, 507px\" \/><\/figure>\n<\/div>\n\n\n<p class=\"has-text-align-center\">Dobov\u00fd plak\u00e1t k&nbsp;filmu.<\/p>\n\n\n\n<figure class=\"wp-block-image size-full\"><img loading=\"lazy\" decoding=\"async\" width=\"840\" height=\"525\" src=\"https:\/\/www.bradlo.cz\/wp-content\/uploads\/2025\/03\/image-7.jpeg\" alt=\"\" class=\"wp-image-1640\" srcset=\"https:\/\/www.bradlo.cz\/wp-content\/uploads\/2025\/03\/image-7.jpeg 840w, https:\/\/www.bradlo.cz\/wp-content\/uploads\/2025\/03\/image-7-300x188.jpeg 300w, https:\/\/www.bradlo.cz\/wp-content\/uploads\/2025\/03\/image-7-768x480.jpeg 768w\" sizes=\"auto, (max-width: 840px) 100vw, 840px\" \/><\/figure>\n\n\n\n<p class=\"has-text-align-center\">Sn\u00edmky z&nbsp;filmu.<\/p>\n\n\n\n<p><strong>P\u0159edlohou k\u00a0filmu byla kniha Bohumila \u0158\u00edhy O letad\u00e9lku K\u00e1n\u011bti.<\/strong><\/p>\n\n\n<div class=\"wp-block-image\">\n<figure class=\"aligncenter size-full\"><img loading=\"lazy\" decoding=\"async\" width=\"297\" height=\"442\" src=\"https:\/\/www.bradlo.cz\/wp-content\/uploads\/2025\/03\/image-9.jpeg\" alt=\"\" class=\"wp-image-1642\" srcset=\"https:\/\/www.bradlo.cz\/wp-content\/uploads\/2025\/03\/image-9.jpeg 297w, https:\/\/www.bradlo.cz\/wp-content\/uploads\/2025\/03\/image-9-202x300.jpeg 202w\" sizes=\"auto, (max-width: 297px) 100vw, 297px\" \/><\/figure>\n<\/div>\n\n\n<p>P\u0159\u00edb\u011bh vesnick\u00fdch d\u011bt\u00ed, kter\u00e9 se p\u0159i n\u00e1v\u0161t\u011bv\u011b leti\u0161t\u011b sezn\u00e1m\u00ed s tajemstv\u00edm hang\u00e1r\u016f. Pro\u017eij\u00ed vesel\u00e9 i dobrodru\u017en\u00e9 p\u0159\u00edhody, nau\u010d\u00ed se l\u00e9tat a dokonce se jim poda\u0159\u00ed zachr\u00e1nit pilota, kter\u00e9mu se porouchalo letadlo.<\/p>\n\n\n\n<p>Venkovsk\u00fd chlapec Vojta, jeho pra\u017esk\u00fd bratranec Pep\u00ed\u010dek a jejich kamar\u00e1dka ze sousedn\u00edho staven\u00ed Ane\u017eka se zaj\u00edmaj\u00ed o l\u00e9t\u00e1n\u00ed a b\u011bhem pr\u00e1zdnin se pokou\u0161ej\u00ed sestrojit model letadla. L\u00e1k\u00e1 je t\u00e9\u017e nedalek\u00e9 sportovn\u00edho leti\u0161t\u011b, na kter\u00e9m konstrukt\u00e9\u0159i zal\u00e9t\u00e1vaj\u00ed nov\u00fd typ mal\u00e9 helikopt\u00e9ry V\u00e1\u017eky. Kdy\u017e jednou zkou\u0161ej\u00ed vrtuln\u00edk na vlastn\u00ed p\u011bst prozkoumat, nap\u00e1chaj\u00ed p\u0159itom \u0159adu \u0161kod. Mlad\u00fd pilot Heyduk (O. Lackovi\u010d) p\u0159esto jednou vezme d\u011bti do V\u00e1\u017eky a zasv\u011bt\u00ed zv\u00eddav\u00e9ho Vojtu do jej\u00edho \u0159\u00edzen\u00ed. Zanedlouho na to d\u011bti vyu\u017eij\u00ed nest\u0159e\u017een\u00e9 chv\u00edle, kdy hl\u00edda\u010d d\u011bda Kozelka (S. Neumann) nech\u00e1 V\u00e1\u017eku bez dozoru, zmocn\u00ed se helikopt\u00e9ry a odlet\u00ed s n\u00ed&#8230;<\/p>\n\n\n\n<p>Dobrodru\u017en\u00fd d\u011btsk\u00fd sn\u00edmek v&nbsp;d\u00e9lce 78 minut re\u017eis\u00e9ra Jana Val\u00e1\u0161ka vznikl v roce 1959 podle knihy Bohumila \u0158\u00edhy O letad\u00e9lku K\u00e1n\u011bti pod n\u00e1zvem <strong>Pr\u00e1zdniny v oblac\u00edch<\/strong>.<\/p>\n\n\n\n<p>Re\u017eie: Jan Val\u00e1\u0161ek st.<\/p>\n\n\n\n<p>P\u0159edloha: Bohumil \u0158\u00edha (kniha)<\/p>\n\n\n\n<p>Sc\u00e9n\u00e1\u0159: Ota Hofman<\/p>\n\n\n\n<p>Kamera: Josef St\u0159echa<\/p>\n\n\n\n<p>Hudba: Emil Ludv\u00edk<\/p>\n\n\n\n<p>Hraj\u00ed: Zuzana Ondrouchov\u00e1, Vlastimil Bican, Bohuslav Bernauer, Stanislav Neumann, Otto Laskovi\u010d, Josef Bl\u00e1ha, Ji\u0159ina B\u00edl\u00e1, Libu\u0161e \u0160etelov\u00e1<\/p>\n\n\n\n<p><strong>Obsah<\/strong><\/p>\n\n\n\n<p>Na po\u010d\u00e1tku st\u00e1la kniha Bohumila \u0158\u00edhy O letad\u00e9lku K\u00e1n\u011bti. Kniha i film, kter\u00fd podle n\u00ed vznikl, vypr\u00e1v\u011bj\u00ed o d\u011btsk\u00e9 part\u011b, kter\u00e1 tr\u00e1v\u00ed pr\u00e1zdniny v bl\u00edzkosti sportovn\u00edho leti\u0161t\u011b. Pr\u00e1v\u011b prov\u011b\u0159ovan\u00e9 letad\u00e9lko nejprve p\u0159i\u0159azuj\u00ed k mimozem\u0161\u0165an\u016fm, pak je podez\u00edraj\u00ed ze \u0161pion\u00e1\u017ee, ale nakonec se v\u0161e vysv\u011btl\u00ed. D\u011bti dokonce najdou odvahu \u00fa\u010dastnit se leteck\u00e9ho v\u00fdletu. Podle dobov\u00fdch ohlas\u016f pr\u00fd film vadil u\u010ditel\u016fm, nebo\u0165 podle nich nab\u00e1dal k nevhodn\u00e9mu chov\u00e1n\u00ed.&nbsp;(ofici\u00e1ln\u00ed text distributora)<\/p>\n\n\n\n<p><strong>Zaj\u00edmavosti&nbsp;<\/strong><\/p>\n\n\n\n<ul class=\"wp-block-list\">\n<li>Pro film byla vyu\u017eita charakteristick\u00e1 budova sportovn\u00edho leti\u0161t\u011b u Chot\u011bbo\u0159e s dopln\u011bn\u00edm n\u00e1pisu \u201eLeti\u0161t\u011b Na Peklech\u201c a dal\u0161\u00ed exteri\u00e9ry. N\u00e1pis \u201eLeti\u0161t\u011b Na Peklech\u201c z\u016fstal na budov\u011b hang\u00e1ru je\u0161t\u011b n\u011bkolik let jako p\u0159ipom\u00ednka nat\u00e1\u010den\u00ed. V roce 2017 se na tomto leti\u0161ti konalo mj. mistrovstv\u00ed \u010cR a Evropy v akrobatick\u00e9m l\u00e9t\u00e1n\u00ed.\u00a0<\/li>\n\n\n\n<li>Ve filmu je mo\u017eno vid\u011bt vrtuln\u00edk\u00a0Aero HC-2, co\u017e byl jedin\u00fd vrtuln\u00edk, kter\u00fd byl v \u010ceskoslovensku vyvinut a n\u00e1sledn\u011b kr\u00e1tce i s\u00e9riov\u011b vyr\u00e1b\u011bn. Na p\u0159\u00edkaz SSSR byla jeho v\u00fdroba v 60. letech zastavena, a\u010dkoliv technicky p\u0159evy\u0161oval v\u011bt\u0161inu tehdy vyr\u00e1b\u011bn\u00fdch civiln\u00edch vrtuln\u00edk\u016f v Evrop\u011b.<\/li>\n<\/ul>\n\n\n\n<p>Zdroje (v posledn\u00edch <strong>dvou odkazech mo\u017enost p\u0159ehr\u00e1n\u00ed filmu<\/strong>, posledn\u00ed odkaz i v&nbsp;ru\u0161tin\u011b):<\/p>\n\n\n\n<p><a href=\"https:\/\/www.csfd.cz\/film\/28491-prazdniny-v-oblacich\/prehled\">https:\/\/www.csfd.cz\/film\/28491-prazdniny-v-oblacich\/prehled<\/a><\/p>\n\n\n\n<p><a href=\"https:\/\/www.databazeknih.cz\/knihy\/o-letadelku-kaneti-271427\">https:\/\/www.databazeknih.cz\/knihy\/o-letadelku-kaneti-271427<\/a><\/p>\n\n\n\n<p><a href=\"https:\/\/www.ceskatelevize.cz\/porady\/16781-prazdniny-v-oblacich\">https:\/\/www.ceskatelevize.cz\/porady\/16781-prazdniny-v-oblacich<\/a><\/p>\n\n\n\n<p><a href=\"https:\/\/movies.filmy.pw\/cs\/player\/prazdniny-v-oblacich-1959\">https:\/\/movies.filmy.pw\/cs\/player\/prazdniny-v-oblacich-1959<\/a><\/p>\n\n\n\n<p><a href=\"https:\/\/prehrajto.cz\/prazdniny-v-oblacich-74m-1959-cr-hd-1080p-i\/67ab3d363b9d2\">https:\/\/prehrajto.cz\/prazdniny-v-oblacich-74m-1959-cr-hd-1080p-i\/67ab3d363b9d2<\/a><\/p>\n\n\n\n<p><a href=\"https:\/\/vk.com\/video-17389534_456239049?to=L3ZpZGVvLTE3Mzg5NTM0XzQ1NjIzOTA0OT8-\">https:\/\/vk.com\/video-17389534_456239049?to=L3ZpZGVvLTE3Mzg5NTM0XzQ1NjIzOTA0OT8-<\/a><\/p>\n\n\n\n<p><\/p>\n","protected":false},"excerpt":{"rendered":"<p>Kdy\u017e jsem byl mal\u00fd kluk, tak o nat\u00e1\u010den\u00ed filmu O letad\u00e9lku K\u00e1n\u011bti v&nbsp;Bradle se mi zm\u00ednil tat\u00ednek (*1925). Po celou dobu, co jsem ve vesni\u010dce \u017eil, jsem od soused\u016f o nat\u00e1\u010den\u00ed &nbsp;v\u0161ak nesly\u0161el. A\u017e nyn\u00ed&nbsp; 9. 3. 2025 pan Bohuslav Partyk, u\u010ditel na SP\u0160 na Proseku v&nbsp;Praze a syn Prof. Bohuslava Partyka, DrSc., o kter\u00e9m &hellip; <a href=\"https:\/\/www.bradlo.cz\/?page_id=1637\" class=\"more-link\">Pokra\u010dov\u00e1n\u00ed textu <span class=\"screen-reader-text\">O letad\u00e9lku K\u00e1n\u011bti<\/span><\/a><\/p>\n","protected":false},"author":2,"featured_media":0,"parent":0,"menu_order":0,"comment_status":"closed","ping_status":"closed","template":"","meta":{"footnotes":""},"class_list":["post-1637","page","type-page","status-publish","hentry"],"_links":{"self":[{"href":"https:\/\/www.bradlo.cz\/index.php?rest_route=\/wp\/v2\/pages\/1637","targetHints":{"allow":["GET"]}}],"collection":[{"href":"https:\/\/www.bradlo.cz\/index.php?rest_route=\/wp\/v2\/pages"}],"about":[{"href":"https:\/\/www.bradlo.cz\/index.php?rest_route=\/wp\/v2\/types\/page"}],"author":[{"embeddable":true,"href":"https:\/\/www.bradlo.cz\/index.php?rest_route=\/wp\/v2\/users\/2"}],"replies":[{"embeddable":true,"href":"https:\/\/www.bradlo.cz\/index.php?rest_route=%2Fwp%2Fv2%2Fcomments&post=1637"}],"version-history":[{"count":1,"href":"https:\/\/www.bradlo.cz\/index.php?rest_route=\/wp\/v2\/pages\/1637\/revisions"}],"predecessor-version":[{"id":1643,"href":"https:\/\/www.bradlo.cz\/index.php?rest_route=\/wp\/v2\/pages\/1637\/revisions\/1643"}],"wp:attachment":[{"href":"https:\/\/www.bradlo.cz\/index.php?rest_route=%2Fwp%2Fv2%2Fmedia&parent=1637"}],"curies":[{"name":"wp","href":"https:\/\/api.w.org\/{rel}","templated":true}]}}