{"id":1543,"date":"2024-10-08T12:43:54","date_gmt":"2024-10-08T10:43:54","guid":{"rendered":"https:\/\/www.bradlo.cz\/?page_id=1543"},"modified":"2025-02-23T12:44:23","modified_gmt":"2025-02-23T11:44:23","slug":"prof-bohuslav-partyk-drsc","status":"publish","type":"page","link":"https:\/\/www.bradlo.cz\/?page_id=1543","title":{"rendered":"Prof. Bohuslav Partyk, DrSc."},"content":{"rendered":"<div class=\"wp-block-image\">\n<figure class=\"aligncenter size-full\"><img loading=\"lazy\" decoding=\"async\" width=\"314\" height=\"396\" src=\"https:\/\/www.bradlo.cz\/wp-content\/uploads\/2025\/02\/B.-Partyk.jpg\" alt=\"\" class=\"wp-image-1627\" srcset=\"https:\/\/www.bradlo.cz\/wp-content\/uploads\/2025\/02\/B.-Partyk.jpg 314w, https:\/\/www.bradlo.cz\/wp-content\/uploads\/2025\/02\/B.-Partyk-238x300.jpg 238w\" sizes=\"auto, (max-width: 314px) 100vw, 314px\" \/><\/figure>\n<\/div>\n\n\n<p>Narodil se 7. \u010dervence 1911 v&nbsp;Horn\u00edm Bradle \u010d. 8 otci Janu Partykovi, skl\u00e1\u0159i a matce Franti\u0161ce, dce\u0159i Josefa Kub\u00e1ta roln\u00edka ve Vyhn\u00e1nov\u011b \u010d. 7. Byl pok\u0159t\u011bn modlet\u00ednsk\u00fdm far\u00e1\u0159em Janem Holej\u0161ovsk\u00fdm ze Slav\u011bt\u00edna 16. \u010dervence 1911 jm\u00e9nem Bohuslav Anton\u00edn. Zem\u0159el ve v\u011bku 79 let dne 12. z\u00e1\u0159\u00ed 1990 v&nbsp;Bratislav\u011b. Byl ekonomem, profesorem Vysok\u00e9 \u0161koly ekonomick\u00e9 v&nbsp;Bratislav\u011b.<\/p>\n\n\n\n<p>Poch\u00e1zel ze skl\u00e1\u0159sk\u00e9 rodiny (jeho otec i d\u011bd byli skl\u00e1\u0159i v m\u00edstn\u00ed skl\u00e1rn\u011b v obci Doln\u00ed Bradlo). Po skon\u010den\u00ed obecn\u00e9 \u0161koly v Bradle a Trhov\u00e9 Kamenici pokra\u010doval ve studiu na Obchodn\u00ed akademii v Chrudimi. Po jej\u00edm absolvov\u00e1n\u00ed kr\u00e1tce pracoval ve skl\u00e1rn\u011b v rodn\u00e9 obci. Pozd\u011bji studoval na Vysok\u00e9 \u0161kole obchodn\u00ed v Praze (dnes Vysok\u00e1 \u0161kola ekonomick\u00e1 v\u00a0Praze) sm\u011br zam\u011b\u0159en\u00fd na u\u010ditelstv\u00ed odborn\u00fdch ekonomick\u00fdch p\u0159edm\u011bt\u016f a pracoval jako \u00fa\u010detn\u00ed u firmy Philips v Praze. V roce 1938 nastoupil jako profesor na Obchodn\u00ed akademii Tom\u00e1\u0161e Bati ve Zl\u00edn\u011b. Zde u\u010dil a\u017e do roku 1950. Dne 28. \u010dervna 1939 byl tak\u00e9 ve Zl\u00edn\u011b odd\u00e1n s\u00a0Mari\u00ed \u0160mahelovou. V roce 1940 se jim narodil syn Petr. V rodn\u00e9 obci postavil v m\u00edstn\u00ed \u010d\u00e1sti Paseky pro sv\u00e9 rodi\u010de nov\u00fd d\u016fm, \u010d. p. 35. Jeho otec v\u0161ak brzy zem\u0159el (+1946), matka zde do\u017eila dal\u0161\u00edch 28 let (+1974). V letech 1948\u20131951 p\u016fsobil tak\u00e9 na Vysok\u00e9 \u0161kole soci\u00e1ln\u00ed v\u00a0Brn\u011b. V roce 1950 nastoupil jako zastupuj\u00edc\u00ed docent na Vysokou \u0161kolu hospod\u00e1\u0159sk\u00fdch v\u011bd (pozd\u011bji Vysok\u00e1 \u0161kola ekonomick\u00e1, dnes Ekonomick\u00e1 univerzita) v Bratislav\u011b, od 1. z\u00e1\u0159\u00ed 1951 pak jako intern\u00ed u\u010ditel. Po rozvodu se dne 2. 10. 1954 o\u017eenil s Mari\u00ed Pacl\u00edkovou (*1927), rodem z Hojkova, okr. Jihlava, se kterou pak spolu \u017eili v Bratislav\u011b a\u017e do smrti v roce 1990. Narodili se jim dv\u011b d\u011bti, Bohuslav (*1955) a Dagmar (*1957). Na V\u0160E p\u016fsobil jako docent, pozd\u011bji profesor a\u017e do odchodu do d\u016fchodu v roce 1986. Zast\u00e1val r\u016fzn\u00e9 pedagogick\u00e9 a \u0159\u00edd\u00edc\u00ed funkce, v letech 1952\u20131963 byl vedouc\u00edm Katedry \u00fa\u010detn\u00ed evidence (pozd\u011bji p\u0159ejmenovan\u00e9 na Katedru evidence), prorektorem V\u0160E a v letech 1969\u20131974 \u0159editelem V\u00fdzkumn\u00e9ho v\u00fdpo\u010dtov\u00e9ho centra V\u0160E. V\u00a0roce 1966 jako prvn\u00ed na Slovensku obh\u00e1jil v\u011bdeckou hodnost &#8222;Doktor ekonomick\u00fdch v\u011bd&#8220; (DrSc.). V pr\u016fb\u011bhu sv\u00e9 mnohalet\u00e9 praxe publikoval n\u011bkolik des\u00edtek odborn\u00fdch publikac\u00ed a celost\u00e1tn\u00edch u\u010debnic pro st\u0159edn\u00ed a vysok\u00e9 ekonomick\u00e9 \u0161koly. On-line katalog N\u00e1rodn\u00ed knihovny \u010cR ud\u00e1v\u00e1 pro autora celkem 64 z\u00e1znam\u016f.<\/p>\n\n\n\n<p>I kdy\u017e nikdy nebyl \u010dlenem n\u011bjak\u00e9 politick\u00e9 strany, byl \u010dasto zv\u00e1n do mnoha expertn\u00edch komis\u00ed a odborn\u00fdch instituc\u00ed. Od poloviny \u010dty\u0159ic\u00e1t\u00fdch let se pod\u00edlel na n\u00e1vrz\u00edch ekonomick\u00fdch reforem v \u010ceskoslovensku, kde uplatnil sv\u00e9 znalosti zejm\u00e9na ze syst\u00e9mu \u0159\u00edzen\u00ed Ba\u0165ov\u00fdch podnik\u016f, kter\u00e1 nebyla realizovan\u00e1 a byla zam\u011bn\u011bna direktivn\u00edm \u0159\u00edzen\u00edm, d\u00e1le v polovin\u011b \u0161edes\u00e1t\u00fdch let \u201eZdokonalen\u00e1 soustava \u0159\u00edzen\u00ed\u201c. Za v\u00fdznamn\u00fd pod\u00edl na t\u00e9to koncepci byl v kv\u011btnu 1968 ocen\u011bn prezidentem Ludv\u00edkem Svobodou st\u00e1tn\u00edm vyznamen\u00e1n\u00edm \u201eZa z\u00e1sluhy o v\u00fdstavbu\u201c. Bohu\u017eel, pozd\u011bj\u0161\u00ed okupace \u010ceskoslovenska nahr\u00e1la do karet op\u011bt zast\u00e1nc\u016fm direktivn\u00edho \u0159\u00edzen\u00ed a pokrokov\u00e9 my\u0161lenky byly odm\u00edtnuty. I pot\u00e9 se v\u0161ak nad\u00e1le v\u011bnoval odborn\u00e9 v\u011bdeck\u00e9 a pedagogick\u00e9 \u010dinnosti a stal se ne\u00fanavn\u00fdm propag\u00e1torem modern\u011bj\u0161\u00ed koncepce \u0159\u00edzen\u00ed ekonomiky, zejm\u00e9na vyu\u017eit\u00ed prost\u0159edk\u016f v\u00fdpo\u010detn\u00ed techniky, jak se tehdy ofici\u00e1ln\u011b \u0159\u00edkalo informatice. A\u017e v druh\u00e9 polovin\u011b 80. let se jeho my\u0161lenky do\u010dkaly renesance a uzn\u00e1n\u00ed. Byl tak\u00e9 dlouholet\u00fdm \u010dlenem redak\u010dn\u00ed rady celost\u00e1tn\u00edho \u010dasopisu \u00da\u010detnictv\u00ed \u2013 \u00da\u010dtovn\u00edctvo (SNTL\/Alfa). Krom\u011b tis\u00edc\u016f student\u016f vychoval i n\u011bkolik des\u00edtek aspirant\u016f a postgradu\u00e1ln\u00edch student\u016f. Sv\u00e9 celo\u017eivotn\u00ed d\u00edlo zakon\u010dil v roce 1987 vyd\u00e1n\u00edm posledn\u00ed celost\u00e1tn\u00ed u\u010debnice Rozbory hospod\u00e1\u0159sk\u00e9 \u010dinnosti (vedouc\u00ed autorsk\u00e9ho kolektivu).<\/p>\n\n\n\n<p>Seznam d\u011bl, jejich\u017e autorem nebo t\u00e9matem je Bohuslav Partyk:<\/p>\n\n\n\n<ul class=\"wp-block-list\">\n<li>Partyk \u2013 H\u00e1\u010dikov\u00e1 \u2013 Hrn\u010diar: Rozbory hospod\u00e1rskej \u010dinnosti, Alfa Bratislava, SNTL Praha, 1987<\/li>\n\n\n\n<li>kol.: \u017divot a dielo Prof. Bohuslava Partyka, DrSc. Pr\u00edspevok Katedry evidencie V\u0160E k&nbsp;jeho 65.&nbsp;narodenin\u00e1m, Edi\u010dn\u00e9 stredisko V\u0160E Bratislava, 1976<\/li>\n\n\n\n<li>Ivani\u010dov\u00e1, Vladim\u00edra: \u017divot a dielo profesora Bohuslava Partyka. Pr\u00e1ca \u0160VO\u010c, Ekonomick\u00e1 univerzita Bratislava, FHI EU 2011, 26 s.<\/li>\n\n\n\n<li>Ivani\u010dov\u00e1, Vladim\u00edra: \u017divot a dielo profesora Bohuslava Partyka. Bakal\u00e1rska pr\u00e1ca, Ekonomick\u00e1 univerzita v Bratislave, Fakulta hospod\u00e1rskej informatiky; Katedra \u00fa\u010dtovn\u00edctva a aud\u00edtorstva, FHI EU, 2012, 43 s.<\/li>\n<\/ul>\n\n\n\n<p>Zdroj: <a href=\"https:\/\/czwiki.cz\/Lexikon\/Bohuslav_Partyk#Extern%C3%AD_odkazy\">https:\/\/czwiki.cz\/Lexikon\/Bohuslav_Partyk#Extern%C3%AD_odkazy<\/a><\/p>\n\n\n\n<p class=\"has-text-align-left\"><a href=\"https:\/\/web.archive.org\/web\/20120112043736\/http:\/www.euba.sk\/sk\/pracoviska\/cit\/historia-cit\">https:\/\/web.archive.org\/web\/20120112043736\/http:\/www.euba.sk\/sk\/pracoviska\/cit\/historia-cit<\/a><\/p>\n\n\n\n<p>Dne 7. 1. 2025 jsem obdr\u017eel e-mail od Bohuslava Partyka (*1955), kter\u00fd je synem Bohuslava Partyka o n\u011bm\u017e p\u00ed\u0161i. Syn Bohuslav Partyk v sou\u010dasn\u00e9 dob\u011b u\u010d\u00ed elektroniku na na SP\u0160 na Proseku v Praze. Poskytl mi  o sv\u00e9m otci a p\u0159\u00edbuzn\u00fdch dal\u0161\u00ed informace, kter\u00e9 s jeho svolen\u00edm uve\u0159ejn\u00edm. Krom\u011b dopln\u011bn\u00ed v\u00fd\u0161e uveden\u00e9ho \u010dl\u00e1nku mi tak\u00e9 zaslal \u010dl\u00e1nek <strong>&#8222;Jak a pro\u010d jsem se stal univerzitn\u00edm profesorem&#8220;<\/strong>.<\/p>\n\n\n\n<p><strong>Jak a pro\u010d jsem se stal univerzitn\u00edm profesorem<\/strong><\/p>\n\n\n\n<p><em>(Voln\u011b podle vypr\u00e1v\u011bn\u00ed &nbsp;prof. Bohuslava Partyka, DrSc, n\u011bkdy v&nbsp;80. letech minul\u00e9ho stolet\u00ed, sepsal jeho syn Bohuslav)<\/em><\/p>\n\n\n\n<p>Narodil jsem se v&nbsp;\u017delezn\u00fdch Hor\u00e1ch, v obci&nbsp;Horn\u00ed Bradlo v&nbsp;roce 1911, tedy je\u0161t\u011b za Rakousko-Uherska. Poch\u00e1z\u00edm z&nbsp;chud\u00fdch pom\u011br\u016f, tat\u00ednek i d\u011bda byli d\u011bln\u00edci ve skl\u00e1rn\u011b a maminka se starala o dva syny a dom\u00e1cnost. Bydleli jsme v&nbsp;jednom pokoji \u201eve mlejn\u011b\u201c. Do obecn\u00e9 \u0161koly jsem chodil v&nbsp;Doln\u00edm Bradle a pak v&nbsp;Trhov\u00e9 Kamenici. Do \u0161koly jsme chodili 5 km p\u011b\u0161ky a v&nbsp;l\u00e9t\u011b i bosi. U\u010den\u00ed mi \u0161lo pom\u011brn\u011b dob\u0159e. Kdy\u017e se bl\u00ed\u017eil konec povinn\u00e9 \u0161koly, vyvstala pro m\u00e9 rodi\u010de ot\u00e1zka \u201eCo s&nbsp;n\u00edm?\u201c. Maminka tou\u017eila m\u00edt ze syna \u201ep\u00e1na\u201c. To tehdy na vesnici znamenalo (kdy\u017e si odmysl\u00edme mo\u017enost se do pansk\u00e9 rodiny p\u0159\u00edmo narodit) b\u00fdt far\u00e1\u0159em, nebo u\u010ditelem. P\u0159\u00edli\u0161 v\u011bt\u0161\u00ed v\u00fdb\u011br nebyl. Vzhledem k&nbsp;tomu, \u017ee jsem byl pova\u017eov\u00e1n za \u201ero\u0161\u0165\u00e1ka\u201c, usoudili rodi\u010de, \u017ee far\u00e1\u0159em bych b\u00fdt nem\u011bl. Z\u016fstala tedy mo\u017enost u\u010ditelov\u00e1n\u00ed. A tak mne jednoho dne maminka slavnostn\u011b obl\u00e9kla a odvezla na p\u0159ij\u00edmac\u00ed pohovor do U\u010ditelsk\u00e9ho \u00fastavu. &nbsp;Pohovory a zkou\u0161ky byly v&nbsp;pln\u00e9m proudu, kdy\u017e do t\u0159\u00eddy ve\u0161el \u0159editel \u00fastavu a na\u0159\u00eddil: \u201eV\u0161ichni ruce na st\u016fl!\u201c. Za\u010dal n\u00e1s obch\u00e1zet a doplnil sv\u00e9 vyj\u00e1d\u0159en\u00ed: \u201eV\u0161iml jsem si, \u017ee jednomu z&nbsp;v\u00e1s chyb\u00ed na ruce kousek prstu.\u201c Kdy\u017e p\u0159i\u0161el ke mn\u011b, konstatoval: \u201e\u00c1, to jsi ty! U\u010ditelem b\u00fdt nem\u016f\u017ee\u0161, nemohl bys\u2018 hr\u00e1t na housle.\u201c<\/p>\n\n\n\n<p>Byla to pravda. Kdy\u017e jsem jako mal\u00fd kluk kdysi pom\u00e1hal na pile, p\u0159i\u0161el jsem o jeden \u010dl\u00e1nek prost\u0159edn\u00ed\u010dku na lev\u00e9 ruce. Nikdy mi to sice v&nbsp;ni\u010dem nevadilo, ale verdikt \u0159editele byl kone\u010dn\u00fd. A tak skon\u010dila m\u00e1 slibn\u00e1 kari\u00e9ra u\u010ditele obecn\u00e9 \u0161koly, d\u0159\u00edve ne\u017e mohla za\u010dat. Doma z&nbsp;toho bylo hodn\u011b smutno.<\/p>\n\n\n\n<p>Pozd\u011bji jsem se p\u0159ihl\u00e1sil na Obchodn\u00ed akademii do Chrudimi. Po jej\u00edm skon\u010den\u00ed jsem kr\u00e1tce pracoval ve skl\u00e1rn\u011b u R\u00fckl\u016f, pozd\u011bji pak u firmy &nbsp;Philips v&nbsp;Praze. Za\u010dal jsem studovat na Vysok\u00e9 \u0161kole obchodn\u00ed (dnes V\u0160E) a ukon\u010dil ji jako st\u0159edo\u0161kolsk\u00fd profesor. (To je tak\u00e9 d\u016fvod, pro\u010d nem\u00e1m \u017e\u00e1dn\u00fd akademick\u00fd titul, dnes by to byl prom.ped. nebo Mgr.)<\/p>\n\n\n\n<p>No, a v&nbsp;roce 1938 jsem byl p\u0159ijat za profesora na Obchodn\u00ed akademii Tom\u00e1\u0161e Bati ve Zl\u00edn\u011b, kde jsem str\u00e1vil 12 let. Od roku 1950 pak u\u010d\u00edm na Vysok\u00e9 \u0161kole ekonomick\u00e9 v&nbsp;Bratislav\u011b.<\/p>\n\n\n\n<p>Co \u0159\u00edci na z\u00e1v\u011br? Kdybych m\u011bl jako kluk v\u0161ech deset plnohodnotn\u00fdch prst\u016f, mo\u017en\u00e1 bych dodnes u\u010dil hr\u00e1t na housle n\u011bkde na vsi v&nbsp;\u017delezn\u00fdch Hor\u00e1ch. N\u011bkdy fakt nev\u00edte, co m\u016f\u017ee zm\u011bnit v\u00e1\u0161 osud.<\/p>\n\n\n\n<p>Tolik vypr\u00e1v\u011bn\u00ed prof. Bohuslava Partyka, DrSc.<\/p>\n\n\n\n<p>Syn Bohuslav d\u00e1le uv\u00e1d\u00ed, \u017ee jeho otec m\u011bl bratra Jana:<\/p>\n\n\n\n<p><strong>Jan Partyk (1914 &#8211; 1987)<\/strong><\/p>\n\n\n\n<p>Narozen: 14.6.1914 <strong>v Horn\u00edm Bradle<\/strong>, okres Chrudim, zem\u0159el: 10.3.1987. Docent, ing., RCDr. ekonom pr\u016fmyslu a silni\u010dn\u00ed dopravy absolvent Vysok\u00e9 \u0161koly obchodn\u00ed \u010cesk\u00e9ho vysok\u00e9ho u\u010den\u00ed technick\u00e9ho Praha (1939) zam\u011bstn\u00e1n v pr\u016fmyslov\u00fdch podnic\u00edch, u\u010dil na st\u0159edn\u00edch odborn\u00fdch \u0161kol\u00e1ch, na Vysok\u00e9 \u0161kole v\u011bd hospod\u00e1\u0159sk\u00fdch v Praze (katedra financ\u00ed a \u00fav\u011bru), RCDr.(1948) na Vysok\u00e9 \u0161kole dopravy a spoj\u016f v \u017dilin\u011b (katedra silni\u010dn\u00ed a m\u011bstsk\u00e9 dopravy 1960), docent (1968). Aktivn\u011b spolupracoval s podniky \u010ceskoslovensk\u00e9 autobusov\u00e9 dopravy. \u010clen \u00fast\u0159edn\u00edho v\u00fdboru \u010ceskoslovensk\u00e9 v\u011bdeckotechnick\u00e9 spole\u010dnosti pro dopravu a spoje. \u010clen redak\u010dn\u00ed rady \u010dasopisu Doprava. <\/p>\n\n\n\n<p>Odkaz:   www.prijmeni.cz\/osobnost\/54951\/jan_partyk<\/p>\n\n\n\n<p><\/p>\n","protected":false},"excerpt":{"rendered":"<p>Narodil se 7. \u010dervence 1911 v&nbsp;Horn\u00edm Bradle \u010d. 8 otci Janu Partykovi, skl\u00e1\u0159i a matce Franti\u0161ce, dce\u0159i Josefa Kub\u00e1ta roln\u00edka ve Vyhn\u00e1nov\u011b \u010d. 7. Byl pok\u0159t\u011bn modlet\u00ednsk\u00fdm far\u00e1\u0159em Janem Holej\u0161ovsk\u00fdm ze Slav\u011bt\u00edna 16. \u010dervence 1911 jm\u00e9nem Bohuslav Anton\u00edn. Zem\u0159el ve v\u011bku 79 let dne 12. z\u00e1\u0159\u00ed 1990 v&nbsp;Bratislav\u011b. Byl ekonomem, profesorem Vysok\u00e9 \u0161koly ekonomick\u00e9 v&nbsp;Bratislav\u011b. &hellip; <a href=\"https:\/\/www.bradlo.cz\/?page_id=1543\" class=\"more-link\">Pokra\u010dov\u00e1n\u00ed textu <span class=\"screen-reader-text\">Prof. Bohuslav Partyk, DrSc.<\/span><\/a><\/p>\n","protected":false},"author":2,"featured_media":0,"parent":0,"menu_order":0,"comment_status":"open","ping_status":"closed","template":"","meta":{"footnotes":""},"class_list":["post-1543","page","type-page","status-publish","hentry"],"_links":{"self":[{"href":"https:\/\/www.bradlo.cz\/index.php?rest_route=\/wp\/v2\/pages\/1543","targetHints":{"allow":["GET"]}}],"collection":[{"href":"https:\/\/www.bradlo.cz\/index.php?rest_route=\/wp\/v2\/pages"}],"about":[{"href":"https:\/\/www.bradlo.cz\/index.php?rest_route=\/wp\/v2\/types\/page"}],"author":[{"embeddable":true,"href":"https:\/\/www.bradlo.cz\/index.php?rest_route=\/wp\/v2\/users\/2"}],"replies":[{"embeddable":true,"href":"https:\/\/www.bradlo.cz\/index.php?rest_route=%2Fwp%2Fv2%2Fcomments&post=1543"}],"version-history":[{"count":2,"href":"https:\/\/www.bradlo.cz\/index.php?rest_route=\/wp\/v2\/pages\/1543\/revisions"}],"predecessor-version":[{"id":1628,"href":"https:\/\/www.bradlo.cz\/index.php?rest_route=\/wp\/v2\/pages\/1543\/revisions\/1628"}],"wp:attachment":[{"href":"https:\/\/www.bradlo.cz\/index.php?rest_route=%2Fwp%2Fv2%2Fmedia&parent=1543"}],"curies":[{"name":"wp","href":"https:\/\/api.w.org\/{rel}","templated":true}]}}